{"id":1722,"date":"2022-09-27T18:50:29","date_gmt":"2022-09-27T18:50:29","guid":{"rendered":"https:\/\/new.priort.com\/portfolio-item\/fabricacio-d-enrotllables-per-a-l-hotel-dynamics-a-caldes-d-estrach\/"},"modified":"2023-03-07T11:46:13","modified_gmt":"2023-03-07T11:46:13","slug":"fabricacio-d-enrotllables-per-a-l-hotel-dynamics-a-caldes-d-estrach","status":"publish","type":"portfolio","link":"https:\/\/priort.com\/ca\/portfolio-item\/fabricacio-d-enrotllables-per-a-l-hotel-dynamics-a-caldes-d-estrach\/","title":{"rendered":"Fabricaci\u00f3 d&#8217; enrotllables per a l&#8217; Hotel Dynamics a Caldes d&#8217; Estrach"},"content":{"rendered":"<div  class='flex_column av-3s9adh-1dce7f64d096345d264e96f30c30a913 av_one_half  avia-builder-el-0  el_before_av_one_half  avia-builder-el-first  first flex_column_div  '     ><style type=\"text\/css\" data-created_by=\"avia_inline_auto\" id=\"style-css-av-l8kjzmay-953caef024d4015a959a1b2fa3c8a07e\">\n.avia-image-container.av-l8kjzmay-953caef024d4015a959a1b2fa3c8a07e img.avia_image{\nbox-shadow:none;\n}\n.avia-image-container.av-l8kjzmay-953caef024d4015a959a1b2fa3c8a07e .av-image-caption-overlay-center{\ncolor:#ffffff;\n}\n<\/style>\n<div  class='avia-image-container av-l8kjzmay-953caef024d4015a959a1b2fa3c8a07e av-styling- avia-align-center  avia-builder-el-1  avia-builder-el-no-sibling '   itemprop=\"image\" itemscope=\"itemscope\" itemtype=\"https:\/\/schema.org\/ImageObject\" ><div class=\"avia-image-container-inner\"><div class=\"avia-image-overlay-wrap\"><img decoding=\"async\" fetchpriority=\"high\" class='wp-image-1555 avia-img-lazy-loading-not-1555 avia_image ' src=\"https:\/\/priort.com\/wp-content\/uploads\/2022\/09\/1-4.jpg\" alt='' title='1'  height=\"286\" width=\"375\"  itemprop=\"thumbnailUrl\" srcset=\"https:\/\/priort.com\/wp-content\/uploads\/2022\/09\/1-4.jpg 375w, https:\/\/priort.com\/wp-content\/uploads\/2022\/09\/1-4-300x229.jpg 300w\" sizes=\"(max-width: 375px) 100vw, 375px\" \/><\/div><\/div><\/div><\/div><div  class='flex_column av-86y5h-eb3d60488cd4eb20c2ccc7fe3667b420 av_one_half  avia-builder-el-2  el_after_av_one_half  avia-builder-el-last  flex_column_div  '     ><p>\n<style type=\"text\/css\" data-created_by=\"avia_inline_auto\" id=\"style-css-av-l8kjx2dy-b49cc562d1b70b678f06c90d10dc7a52\">\n#top .av-special-heading.av-l8kjx2dy-b49cc562d1b70b678f06c90d10dc7a52{\npadding-bottom:10px;\n}\nbody .av-special-heading.av-l8kjx2dy-b49cc562d1b70b678f06c90d10dc7a52 .av-special-heading-tag .heading-char{\nfont-size:25px;\n}\n.av-special-heading.av-l8kjx2dy-b49cc562d1b70b678f06c90d10dc7a52 .av-subheading{\nfont-size:15px;\n}\n<\/style>\n<div  class='av-special-heading av-l8kjx2dy-b49cc562d1b70b678f06c90d10dc7a52 av-special-heading-h1 blockquote modern-quote  avia-builder-el-3  el_before_av_textblock  avia-builder-el-first '><h1 class='av-special-heading-tag '  itemprop=\"headline\"  >Hotel Dynamics<\/h1><div class=\"special-heading-border\"><div class=\"special-heading-inner-border\"><\/div><\/div><\/div><br \/>\n<section  class='av_textblock_section av-l8kjx7yi-e96279484dc30645af0f6b9068bb3e41 '   itemscope=\"itemscope\" itemtype=\"https:\/\/schema.org\/CreativeWork\" ><div class='avia_textblock'  itemprop=\"text\" ><p style=\"font-weight: 400;\">Instal\u00b7laci\u00f3 i fabricaci\u00f3 d&#8217;enrotllables, a les nostres pr\u00f2pies instal\u00b7lacions.<\/p>\n<\/div><\/section><br \/>\n\n<style type=\"text\/css\" data-created_by=\"avia_inline_auto\" id=\"style-css-av-l8kjzws1-49e9c2050531577855b1aadf39d56777\">\n#top .avia-gallery.av-l8kjzws1-49e9c2050531577855b1aadf39d56777 .avia-gallery-thumb a{\nwidth:20%;\n}\n<\/style>\n<div  class='avia-gallery av-l8kjzws1-49e9c2050531577855b1aadf39d56777 avia_animate_when_visible  avia-builder-el-5  el_after_av_textblock  avia-builder-el-last  avia_lazyload avia-gallery-animate avia-gallery-1'  itemprop=\"image\" itemscope=\"itemscope\" itemtype=\"https:\/\/schema.org\/ImageObject\" ><meta itemprop=\"contentURL\" content=\"https:\/\/priort.com\/ca\/portfolio-item\/fabricacio-d-enrotllables-per-a-l-hotel-dynamics-a-caldes-d-estrach\/\"><div class='avia-gallery-thumb'><a href=\"https:\/\/priort.com\/wp-content\/uploads\/2022\/09\/1-4.jpg\" data-srcset=\"https:\/\/priort.com\/wp-content\/uploads\/2022\/09\/1-4.jpg 375w, https:\/\/priort.com\/wp-content\/uploads\/2022\/09\/1-4-300x229.jpg 300w\" data-sizes=\"(max-width: 375px) 100vw, 375px\" data-rel='gallery-1' data-prev-img='https:\/\/priort.com\/wp-content\/uploads\/2022\/09\/1-4.jpg' class='first_thumb lightbox ' data-onclick='1' title='1'  itemprop=\"thumbnailUrl\"  ><img decoding=\"async\" fetchpriority=\"high\" class=\"wp-image-1555 avia-img-lazy-loading-not-1555\"   src=\"https:\/\/priort.com\/wp-content\/uploads\/2022\/09\/1-4.jpg\" width=\"375\" height=\"286\"  title='1' alt='' srcset=\"https:\/\/priort.com\/wp-content\/uploads\/2022\/09\/1-4.jpg 375w, https:\/\/priort.com\/wp-content\/uploads\/2022\/09\/1-4-300x229.jpg 300w\" sizes=\"(max-width: 375px) 100vw, 375px\" \/><div class='big-prev-fake'><img decoding=\"async\" loading=\"lazy\" class=\"wp-image-1555 avia-img-lazy-loading-1555\"  width=\"375\" height=\"286\" src=\"https:\/\/priort.com\/wp-content\/uploads\/2022\/09\/1-4.jpg\" title='1' alt='' srcset=\"https:\/\/priort.com\/wp-content\/uploads\/2022\/09\/1-4.jpg 375w, https:\/\/priort.com\/wp-content\/uploads\/2022\/09\/1-4-300x229.jpg 300w\" sizes=\"auto, (max-width: 375px) 100vw, 375px\" \/><\/div><\/a><a href=\"https:\/\/priort.com\/wp-content\/uploads\/2022\/09\/2-4.jpg\" data-srcset=\"https:\/\/priort.com\/wp-content\/uploads\/2022\/09\/2-4.jpg 375w, https:\/\/priort.com\/wp-content\/uploads\/2022\/09\/2-4-225x300.jpg 225w\" data-sizes=\"(max-width: 375px) 100vw, 375px\" data-rel='gallery-1' data-prev-img='https:\/\/priort.com\/wp-content\/uploads\/2022\/09\/2-4-375x400.jpg' class='lightbox ' data-onclick='2' title='2'  itemprop=\"thumbnailUrl\"  ><img decoding=\"async\" fetchpriority=\"high\" class=\"wp-image-1554 avia-img-lazy-loading-not-1554\"   src=\"https:\/\/priort.com\/wp-content\/uploads\/2022\/09\/2-4-375x400.jpg\" width=\"375\" height=\"400\"  title='2' alt='' \/><div class='big-prev-fake'><img decoding=\"async\" loading=\"lazy\" class=\"wp-image-1554 avia-img-lazy-loading-1554\"  width=\"375\" height=\"400\" src=\"https:\/\/priort.com\/wp-content\/uploads\/2022\/09\/2-4-375x400.jpg\" title='2' alt='' \/><\/div><\/a><\/div><\/div><\/p><\/div><\/p>\n","protected":false},"excerpt":{"rendered":"","protected":false},"author":1,"featured_media":1555,"comment_status":"open","ping_status":"closed","template":"","meta":{"footnotes":""},"tags":[],"portfolio_entries":[32],"class_list":["post-1722","portfolio","type-portfolio","status-publish","has-post-thumbnail","hentry","portfolio_entries-professionals"],"yoast_head":"<!-- This site is optimized with the Yoast SEO plugin v27.5 - https:\/\/yoast.com\/product\/yoast-seo-wordpress\/ -->\n<title>Fabricaci\u00f3 d&#039; enrotllables per a l&#039; Hotel Dynamics a Caldes d&#039; Estrach - Priort Decoraci\u00f3n<\/title>\n<meta name=\"description\" content=\"Fabricaci\u00f3 i instal\u00b7laci\u00f3 d&#039;enrotllables per a l&#039;Hotel Dynamics ubicat a Caldes d&#039;Estrach- Priort Decoraci\u00f3\" \/>\n<meta name=\"robots\" content=\"index, follow, max-snippet:-1, max-image-preview:large, max-video-preview:-1\" \/>\n<link rel=\"canonical\" href=\"https:\/\/priort.com\/ca\/portfolio-item\/fabricacio-d-enrotllables-per-a-l-hotel-dynamics-a-caldes-d-estrach\/\" \/>\n<meta property=\"og:locale\" content=\"ca_ES\" \/>\n<meta property=\"og:type\" content=\"article\" \/>\n<meta property=\"og:title\" content=\"Fabricaci\u00f3 d&#039; enrotllables per a l&#039; Hotel Dynamics a Caldes d&#039; Estrach - Priort Decoraci\u00f3n\" \/>\n<meta property=\"og:description\" content=\"Fabricaci\u00f3 i instal\u00b7laci\u00f3 d&#039;enrotllables per a l&#039;Hotel Dynamics ubicat a Caldes d&#039;Estrach- Priort Decoraci\u00f3\" \/>\n<meta property=\"og:url\" content=\"https:\/\/priort.com\/ca\/portfolio-item\/fabricacio-d-enrotllables-per-a-l-hotel-dynamics-a-caldes-d-estrach\/\" \/>\n<meta property=\"og:site_name\" content=\"Priort Decoraci\u00f3n\" \/>\n<meta property=\"article:modified_time\" content=\"2023-03-07T11:46:13+00:00\" \/>\n<meta property=\"og:image\" content=\"https:\/\/priort.com\/wp-content\/uploads\/2022\/09\/1-4.jpg\" \/>\n\t<meta property=\"og:image:width\" content=\"375\" \/>\n\t<meta property=\"og:image:height\" content=\"286\" \/>\n\t<meta property=\"og:image:type\" content=\"image\/jpeg\" \/>\n<meta name=\"twitter:card\" content=\"summary_large_image\" \/>\n<meta name=\"twitter:label1\" content=\"Temps estimat de lectura\" \/>\n\t<meta name=\"twitter:data1\" content=\"7 minuts\" \/>\n<script type=\"application\/ld+json\" class=\"yoast-schema-graph\">{\"@context\":\"https:\\\/\\\/schema.org\",\"@graph\":[{\"@type\":\"WebPage\",\"@id\":\"https:\\\/\\\/priort.com\\\/ca\\\/portfolio-item\\\/fabricacio-d-enrotllables-per-a-l-hotel-dynamics-a-caldes-d-estrach\\\/\",\"url\":\"https:\\\/\\\/priort.com\\\/ca\\\/portfolio-item\\\/fabricacio-d-enrotllables-per-a-l-hotel-dynamics-a-caldes-d-estrach\\\/\",\"name\":\"Fabricaci\u00f3 d' enrotllables per a l' Hotel Dynamics a Caldes d' Estrach - Priort Decoraci\u00f3n\",\"isPartOf\":{\"@id\":\"https:\\\/\\\/priort.com\\\/ca\\\/#website\"},\"primaryImageOfPage\":{\"@id\":\"https:\\\/\\\/priort.com\\\/ca\\\/portfolio-item\\\/fabricacio-d-enrotllables-per-a-l-hotel-dynamics-a-caldes-d-estrach\\\/#primaryimage\"},\"image\":{\"@id\":\"https:\\\/\\\/priort.com\\\/ca\\\/portfolio-item\\\/fabricacio-d-enrotllables-per-a-l-hotel-dynamics-a-caldes-d-estrach\\\/#primaryimage\"},\"thumbnailUrl\":\"https:\\\/\\\/priort.com\\\/wp-content\\\/uploads\\\/2022\\\/09\\\/1-4.jpg\",\"datePublished\":\"2022-09-27T18:50:29+00:00\",\"dateModified\":\"2023-03-07T11:46:13+00:00\",\"description\":\"Fabricaci\u00f3 i instal\u00b7laci\u00f3 d'enrotllables per a l'Hotel Dynamics ubicat a Caldes d'Estrach- Priort Decoraci\u00f3\",\"breadcrumb\":{\"@id\":\"https:\\\/\\\/priort.com\\\/ca\\\/portfolio-item\\\/fabricacio-d-enrotllables-per-a-l-hotel-dynamics-a-caldes-d-estrach\\\/#breadcrumb\"},\"inLanguage\":\"ca\",\"potentialAction\":[{\"@type\":\"ReadAction\",\"target\":[\"https:\\\/\\\/priort.com\\\/ca\\\/portfolio-item\\\/fabricacio-d-enrotllables-per-a-l-hotel-dynamics-a-caldes-d-estrach\\\/\"]}]},{\"@type\":\"ImageObject\",\"inLanguage\":\"ca\",\"@id\":\"https:\\\/\\\/priort.com\\\/ca\\\/portfolio-item\\\/fabricacio-d-enrotllables-per-a-l-hotel-dynamics-a-caldes-d-estrach\\\/#primaryimage\",\"url\":\"https:\\\/\\\/priort.com\\\/wp-content\\\/uploads\\\/2022\\\/09\\\/1-4.jpg\",\"contentUrl\":\"https:\\\/\\\/priort.com\\\/wp-content\\\/uploads\\\/2022\\\/09\\\/1-4.jpg\",\"width\":375,\"height\":286},{\"@type\":\"BreadcrumbList\",\"@id\":\"https:\\\/\\\/priort.com\\\/ca\\\/portfolio-item\\\/fabricacio-d-enrotllables-per-a-l-hotel-dynamics-a-caldes-d-estrach\\\/#breadcrumb\",\"itemListElement\":[{\"@type\":\"ListItem\",\"position\":1,\"name\":\"Portada\",\"item\":\"https:\\\/\\\/priort.com\\\/ca\\\/home\\\/\"},{\"@type\":\"ListItem\",\"position\":2,\"name\":\"Fabricaci\u00f3 d&#8217; enrotllables per a l&#8217; Hotel Dynamics a Caldes d&#8217; Estrach\"}]},{\"@type\":\"WebSite\",\"@id\":\"https:\\\/\\\/priort.com\\\/ca\\\/#website\",\"url\":\"https:\\\/\\\/priort.com\\\/ca\\\/\",\"name\":\"Priort Decoraci\u00f3n\",\"description\":\"Just another WordPress site\",\"publisher\":{\"@id\":\"https:\\\/\\\/priort.com\\\/ca\\\/#organization\"},\"potentialAction\":[{\"@type\":\"SearchAction\",\"target\":{\"@type\":\"EntryPoint\",\"urlTemplate\":\"https:\\\/\\\/priort.com\\\/ca\\\/?s={search_term_string}\"},\"query-input\":{\"@type\":\"PropertyValueSpecification\",\"valueRequired\":true,\"valueName\":\"search_term_string\"}}],\"inLanguage\":\"ca\"},{\"@type\":\"Organization\",\"@id\":\"https:\\\/\\\/priort.com\\\/ca\\\/#organization\",\"name\":\"Priort Decoraci\u00f3n\",\"url\":\"https:\\\/\\\/priort.com\\\/ca\\\/\",\"logo\":{\"@type\":\"ImageObject\",\"inLanguage\":\"ca\",\"@id\":\"https:\\\/\\\/priort.com\\\/ca\\\/#\\\/schema\\\/logo\\\/image\\\/\",\"url\":\"https:\\\/\\\/priort.com\\\/wp-content\\\/uploads\\\/2022\\\/09\\\/priort_logo.jpg\",\"contentUrl\":\"https:\\\/\\\/priort.com\\\/wp-content\\\/uploads\\\/2022\\\/09\\\/priort_logo.jpg\",\"width\":802,\"height\":779,\"caption\":\"Priort Decoraci\u00f3n\"},\"image\":{\"@id\":\"https:\\\/\\\/priort.com\\\/ca\\\/#\\\/schema\\\/logo\\\/image\\\/\"}}]}<\/script>\n<!-- \/ Yoast SEO plugin. -->","yoast_head_json":{"title":"Fabricaci\u00f3 d' enrotllables per a l' Hotel Dynamics a Caldes d' Estrach - Priort Decoraci\u00f3n","description":"Fabricaci\u00f3 i instal\u00b7laci\u00f3 d'enrotllables per a l'Hotel Dynamics ubicat a Caldes d'Estrach- Priort Decoraci\u00f3","robots":{"index":"index","follow":"follow","max-snippet":"max-snippet:-1","max-image-preview":"max-image-preview:large","max-video-preview":"max-video-preview:-1"},"canonical":"https:\/\/priort.com\/ca\/portfolio-item\/fabricacio-d-enrotllables-per-a-l-hotel-dynamics-a-caldes-d-estrach\/","og_locale":"ca_ES","og_type":"article","og_title":"Fabricaci\u00f3 d' enrotllables per a l' Hotel Dynamics a Caldes d' Estrach - Priort Decoraci\u00f3n","og_description":"Fabricaci\u00f3 i instal\u00b7laci\u00f3 d'enrotllables per a l'Hotel Dynamics ubicat a Caldes d'Estrach- Priort Decoraci\u00f3","og_url":"https:\/\/priort.com\/ca\/portfolio-item\/fabricacio-d-enrotllables-per-a-l-hotel-dynamics-a-caldes-d-estrach\/","og_site_name":"Priort Decoraci\u00f3n","article_modified_time":"2023-03-07T11:46:13+00:00","og_image":[{"width":375,"height":286,"url":"https:\/\/priort.com\/wp-content\/uploads\/2022\/09\/1-4.jpg","type":"image\/jpeg"}],"twitter_card":"summary_large_image","twitter_misc":{"Temps estimat de lectura":"7 minuts"},"schema":{"@context":"https:\/\/schema.org","@graph":[{"@type":"WebPage","@id":"https:\/\/priort.com\/ca\/portfolio-item\/fabricacio-d-enrotllables-per-a-l-hotel-dynamics-a-caldes-d-estrach\/","url":"https:\/\/priort.com\/ca\/portfolio-item\/fabricacio-d-enrotllables-per-a-l-hotel-dynamics-a-caldes-d-estrach\/","name":"Fabricaci\u00f3 d' enrotllables per a l' Hotel Dynamics a Caldes d' Estrach - Priort Decoraci\u00f3n","isPartOf":{"@id":"https:\/\/priort.com\/ca\/#website"},"primaryImageOfPage":{"@id":"https:\/\/priort.com\/ca\/portfolio-item\/fabricacio-d-enrotllables-per-a-l-hotel-dynamics-a-caldes-d-estrach\/#primaryimage"},"image":{"@id":"https:\/\/priort.com\/ca\/portfolio-item\/fabricacio-d-enrotllables-per-a-l-hotel-dynamics-a-caldes-d-estrach\/#primaryimage"},"thumbnailUrl":"https:\/\/priort.com\/wp-content\/uploads\/2022\/09\/1-4.jpg","datePublished":"2022-09-27T18:50:29+00:00","dateModified":"2023-03-07T11:46:13+00:00","description":"Fabricaci\u00f3 i instal\u00b7laci\u00f3 d'enrotllables per a l'Hotel Dynamics ubicat a Caldes d'Estrach- Priort Decoraci\u00f3","breadcrumb":{"@id":"https:\/\/priort.com\/ca\/portfolio-item\/fabricacio-d-enrotllables-per-a-l-hotel-dynamics-a-caldes-d-estrach\/#breadcrumb"},"inLanguage":"ca","potentialAction":[{"@type":"ReadAction","target":["https:\/\/priort.com\/ca\/portfolio-item\/fabricacio-d-enrotllables-per-a-l-hotel-dynamics-a-caldes-d-estrach\/"]}]},{"@type":"ImageObject","inLanguage":"ca","@id":"https:\/\/priort.com\/ca\/portfolio-item\/fabricacio-d-enrotllables-per-a-l-hotel-dynamics-a-caldes-d-estrach\/#primaryimage","url":"https:\/\/priort.com\/wp-content\/uploads\/2022\/09\/1-4.jpg","contentUrl":"https:\/\/priort.com\/wp-content\/uploads\/2022\/09\/1-4.jpg","width":375,"height":286},{"@type":"BreadcrumbList","@id":"https:\/\/priort.com\/ca\/portfolio-item\/fabricacio-d-enrotllables-per-a-l-hotel-dynamics-a-caldes-d-estrach\/#breadcrumb","itemListElement":[{"@type":"ListItem","position":1,"name":"Portada","item":"https:\/\/priort.com\/ca\/home\/"},{"@type":"ListItem","position":2,"name":"Fabricaci\u00f3 d&#8217; enrotllables per a l&#8217; Hotel Dynamics a Caldes d&#8217; Estrach"}]},{"@type":"WebSite","@id":"https:\/\/priort.com\/ca\/#website","url":"https:\/\/priort.com\/ca\/","name":"Priort Decoraci\u00f3n","description":"Just another WordPress site","publisher":{"@id":"https:\/\/priort.com\/ca\/#organization"},"potentialAction":[{"@type":"SearchAction","target":{"@type":"EntryPoint","urlTemplate":"https:\/\/priort.com\/ca\/?s={search_term_string}"},"query-input":{"@type":"PropertyValueSpecification","valueRequired":true,"valueName":"search_term_string"}}],"inLanguage":"ca"},{"@type":"Organization","@id":"https:\/\/priort.com\/ca\/#organization","name":"Priort Decoraci\u00f3n","url":"https:\/\/priort.com\/ca\/","logo":{"@type":"ImageObject","inLanguage":"ca","@id":"https:\/\/priort.com\/ca\/#\/schema\/logo\/image\/","url":"https:\/\/priort.com\/wp-content\/uploads\/2022\/09\/priort_logo.jpg","contentUrl":"https:\/\/priort.com\/wp-content\/uploads\/2022\/09\/priort_logo.jpg","width":802,"height":779,"caption":"Priort Decoraci\u00f3n"},"image":{"@id":"https:\/\/priort.com\/ca\/#\/schema\/logo\/image\/"}}]}},"_links":{"self":[{"href":"https:\/\/priort.com\/ca\/wp-json\/wp\/v2\/portfolio\/1722","targetHints":{"allow":["GET"]}}],"collection":[{"href":"https:\/\/priort.com\/ca\/wp-json\/wp\/v2\/portfolio"}],"about":[{"href":"https:\/\/priort.com\/ca\/wp-json\/wp\/v2\/types\/portfolio"}],"author":[{"embeddable":true,"href":"https:\/\/priort.com\/ca\/wp-json\/wp\/v2\/users\/1"}],"replies":[{"embeddable":true,"href":"https:\/\/priort.com\/ca\/wp-json\/wp\/v2\/comments?post=1722"}],"version-history":[{"count":0,"href":"https:\/\/priort.com\/ca\/wp-json\/wp\/v2\/portfolio\/1722\/revisions"}],"wp:featuredmedia":[{"embeddable":true,"href":"https:\/\/priort.com\/ca\/wp-json\/wp\/v2\/media\/1555"}],"wp:attachment":[{"href":"https:\/\/priort.com\/ca\/wp-json\/wp\/v2\/media?parent=1722"}],"wp:term":[{"taxonomy":"post_tag","embeddable":true,"href":"https:\/\/priort.com\/ca\/wp-json\/wp\/v2\/tags?post=1722"},{"taxonomy":"portfolio_entries","embeddable":true,"href":"https:\/\/priort.com\/ca\/wp-json\/wp\/v2\/portfolio_entries?post=1722"}],"curies":[{"name":"wp","href":"https:\/\/api.w.org\/{rel}","templated":true}]}}