{"id":1937,"date":"2022-07-21T13:09:21","date_gmt":"2022-07-21T13:09:21","guid":{"rendered":"https:\/\/priort.com\/?page_id=1937"},"modified":"2024-10-21T08:42:21","modified_gmt":"2024-10-21T08:42:21","slug":"politica-de-privacitat","status":"publish","type":"page","link":"https:\/\/priort.com\/ca\/politica-de-privacitat\/","title":{"rendered":"Pol\u00edtica de Privacitat"},"content":{"rendered":"<h2 style=\"text-align: center;\">Pol\u00edtica de Privacitat<\/h2>\n<p><strong>Priort decoraci\u00f3 S.L.,<\/strong> en endavant, <strong>&#8220;L&#8217;empresa&#8221;<\/strong> treballem per garantir la privacitat en el tractament de les seves dades personals. Hem actualitzat la nostra pol\u00edtica de privacitat per informar clarament de com recopilem, utilitzem i custodiem les dades de les persones que contacten amb el nostre Centre:<\/p>\n<p><strong>Responsable del tractament<\/strong><\/p>\n<p>l&#8217;interessat que faciliti a <strong>&#8220;L&#8217;Empresa&#8221;<\/strong> les seves dades de car\u00e0cter personal a trav\u00e9s de la nostra web o per altres vies (per exemple, xarxes socials) queda informat que el tractament de les seves dades \u00e9s realitzat per:<\/p>\n<p><strong>Priort decoraci\u00f3 S.L.,<\/strong><br \/>\nCIF B60712544<br \/>\ndomicili social al carrer Les Corts, n\u00ba8 08349 Cabrera de Mar Barcelona<br \/>\ntel\u00e8fon: 937 525 793<br \/>\ncorreu electr\u00f2nic: <a rel=\"noopener\">mar@priort.com<\/a><\/p>\n<p><strong>Delegat de Protecci\u00f3 de Dades<\/strong><\/p>\n<p>Aix\u00ed mateix, l&#8217;informem que comptem amb un Delegat de Protecci\u00f3 de Dades (DPD) que vetlla pel compliment de la normativa de protecci\u00f3 de dades i les dades de contacte del nostre DPD s\u00f3n:<\/p>\n<p>correu electr\u00f2nic: <a rel=\"noopener\">szamora@icab.cat<\/a>.<\/p>\n<p><strong>Finalitats del tractament de dades<\/strong><\/p>\n<p>A &#8220;L&#8217;Empresa&#8221; el tractament de dades es realitza amb les seg\u00fcents finalitats, en funci\u00f3 del motiu pel qual ens hagi facilitat les dades:<\/p>\n<ul>\n<li>contactar amb el remitent de la informaci\u00f3, donar resposta a la seva sol\u00b7licitud, petici\u00f3 o consulta i fer un seguiment posterior.<\/li>\n<li>gestionar, si escau, la contractaci\u00f3 dels serveis sol\u00b7licitats per l&#8217;USUARI, la seva facturaci\u00f3 i cobrament.<\/li>\n<li>gestionar, si escau, la contractaci\u00f3 de productes, de forma presencial al nostre Centre o en la modalitat online.<\/li>\n<li>gestionar, si escau, el Registre d&#8217;altes a la web com a Usuaris i l&#8217;adjudicaci\u00f3 de Logins.<\/li>\n<li>gesti\u00f3 de la Base de Dades de Newletter per a l&#8217;enviament de comunicacions comercials i informaci\u00f3 corporativa d&#8217;inter\u00e8s.<\/li>\n<li>gestionar les seves peticions de cita pr\u00e8via, ja sigui ordin\u00e0ria o urgent, amb els nostres professionals, per a les especialitats relacionades a la nostra web.<\/li>\n<li>totes les finalitats es limiten i es relacionen amb l&#8217;objecte principal del Centre que \u00e9s la prestaci\u00f3 de serveis i productes est\u00e8tics, com neteges facials, corporals, massatges, i tractaments hidratants, remodeladors, depilaci\u00f3 l\u00e0ser, seguiment del tractament pautat, gesti\u00f3 de la seva fitxa, estad\u00edstics i qualsevol tractament relacionat.<\/li>\n<\/ul>\n<p><strong>Durada del tractament de dades<\/strong><\/p>\n<ul>\n<li>les dades per a la gesti\u00f3 de la relaci\u00f3 amb el client i la facturaci\u00f3 i cobrament dels serveis o productes seran conservades durant tot el temps en qu\u00e8 el servei estigui vigent. Un cop finalitzada aquesta relaci\u00f3, si escau, les dades podran ser conservades durant el temps exigit per la legislaci\u00f3 aplicable i fins que prescriguin les eventuals responsabilitats derivades del servei.<\/li>\n<li>les dades per a la gesti\u00f3 de consultes i sol\u00b7licituds es conservaran durant el temps necessari per donar resposta a aquestes, amb un termini m\u00e0xim d&#8217;un any o b\u00e9 mentre persisteixi la relaci\u00f3 o inter\u00e8s mutu, a m\u00e9s de fins estad\u00edstics i hist\u00f2rics.<\/li>\n<li>en defecte de terminis concrets, mentre persisteixi la relaci\u00f3 entre el Centre i el client.<\/li>\n<li>les dades per a l&#8217;enviament de comunicacions comercials i elaboraci\u00f3 de perfils comercials dels nostres productes o serveis seran conservades indefinidament fins que, si escau, ens manifesti la seva voluntat de donar-se de baixa.<\/li>\n<\/ul>\n<p><strong>Legitimaci\u00f3 per al tractament de dades<\/strong><\/p>\n<ul>\n<li>la base legal per al tractament de les seves dades de les finalitats anteriors \u00e9s l&#8217;execuci\u00f3 de la prestaci\u00f3 del servei o venda de producte corresponent o contracte de serveis.<\/li>\n<li>les dades es conservaran mentre existeixi un inter\u00e8s mutu de les parts, ja sigui per la vig\u00e8ncia del servei o contracte o compra venda o consentiment. D&#8217;altra banda, les dades romandran al Centre Est\u00e8tic en compliment de normatives obligat\u00f2ries gen\u00e8riques i sectorials i fins que se superin els per\u00edodes de prescripci\u00f3.<\/li>\n<li>la prestaci\u00f3 del consentiment inequ\u00edvoc.<\/li>\n<\/ul>\n<p>No obstant, li recordem que t\u00e9 dret a oposar-se a aquest tractament de les seves dades, podent fer-ho per qualsevol dels mitjans descrits en aquesta Pol\u00edtica.<\/p>\n<p><strong>Comunicaci\u00f3 de les seves dades<\/strong><\/p>\n<p>Les dades seran comunicades a les seg\u00fcents entitats:<\/p>\n<ul>\n<li>als nostres col\u00b7laboradors i prove\u00efdors necessaris per a l&#8217;execuci\u00f3 del servei sol\u00b7licitat. (Prove\u00efdor de Software, Web, transportista en les comandes e-commerce).<\/li>\n<li>als nostres col\u00b7laboradors habituals motivat per la sol\u00b7licitud de serveis que no prestem directament, per\u00f2 que recomanem per la seva experi\u00e8ncia i professionalitat, si escau.<\/li>\n<li>en relaci\u00f3 a les subcontractacions, ja sigui per implementar les mesures de seguretat com per assegurar la disponibilitat i integritat de la informaci\u00f3 que custodia, t\u00e9 subcontractats software i gesti\u00f3 de la web amb empreses contrastades.<\/li>\n<li>a les entitats financeres a trav\u00e9s de les quals s&#8217;articuli la gesti\u00f3 de cobraments i pagaments.<\/li>\n<li>a les administracions p\u00fabliques competents, en els casos previstos en la Llei i per als fins en ella definits.<\/li>\n<\/ul>\n<p><strong>Els seus drets<\/strong><\/p>\n<p>Tota persona que ens faciliti les seves dades t\u00e9 els seg\u00fcents drets:<\/p>\n<ul>\n<li>els clients poden exercir el dret d&#8217;acc\u00e9s, rectificaci\u00f3, oposici\u00f3 o supressi\u00f3 a l&#8217;adre\u00e7a que consta en la informaci\u00f3 per capa (establiment o b\u00e9 per email o b\u00e9 a l&#8217;adre\u00e7a de l&#8217;inici de l&#8217;escrit), aix\u00ed com tamb\u00e9 a trav\u00e9s de la nostra web. Tamb\u00e9 informem els possibles afectats que tenen dret a sol\u00b7licitar el dret a la portabilitat de les seves dades, si escau, a la limitaci\u00f3 del tractament que es realitzi quan la finalitat ja no existeixi o l&#8217;oposici\u00f3 espec\u00edfica a un tractament espec\u00edfic.<\/li>\n<li>el sol\u00b7licitant ha d&#8217;acreditar degudament la seva identitat mitjan\u00e7ant c\u00f2pia del DNI en vigor.<\/li>\n<li>l&#8217;interessat o afectat pel tractament, t\u00e9 dret a retirar el seu consentiment en qualsevol moment.<\/li>\n<li>per finalitzar, el client o usuari afectat, t\u00e9 dret a dirigir-se a l&#8217;Ag\u00e8ncia de Protecci\u00f3 de Dades o altra autoritat de control competent, entitat que gestiona qualsevol aspecte relacionat amb l&#8217;aplicaci\u00f3 de la normativa de protecci\u00f3 de dades i on l&#8217;usuari pot denunciar o defensar els seus interessos en el cas que ho consideri oport\u00fa, la web \u00e9s <a href=\"http:\/\/www.aepd.es\" target=\"_new\" rel=\"noopener\">www.aepd.es<\/a>.<\/li>\n<\/ul>\n<p><strong>Transfer\u00e8ncies internacionals<\/strong><\/p>\n<p>Les seves dades no es transmeten fora de la Uni\u00f3 Europea, si escau, seria necessari sol\u00b7licitar el seu consentiment expr\u00e9s.<\/p>\n<p><strong>Dades de tercers<\/strong><\/p>\n<p>Si facilita dades de tercers, assumeix la responsabilitat d&#8217;informar-los pr\u00e8viament de tot el previst a l&#8217;article 14 del Reglament General de Protecci\u00f3 de Dades en les condicions establertes en aquest precepte.<\/p>\n<p><strong>Actualitzaci\u00f3 de les seves dades<\/strong><\/p>\n<p>En cas que es produeixi alguna modificaci\u00f3 de les seves dades o si detecta que alguna dada \u00e9s err\u00f2nia, li preguem que ens ho comuniqui per a la seva esmena, amb la finalitat de mantenir les dades actualitzades.<\/p>\n<p><strong>Garanties<\/strong><\/p>\n<p>En cas de producte defectu\u00f3s, el venedor haur\u00e0 de procedir, segons correspongui, a la reparaci\u00f3, substituci\u00f3, rebaixa del preu o resoluci\u00f3 del contracte, gestions que seran gratu\u00eftes per al consumidor i usuari. El venedor respon de les faltes de conformitat que es manifestin en un termini de dos anys des de l&#8217;entrega.<\/p>\n<p><strong>Plataforma de Resoluci\u00f3 de Conflictes de Consum en L\u00ednia de l&#8217;article 14 Reglament (UE) 524\/2013:<\/strong> La Comissi\u00f3 Europea proporciona una plataforma per a la resoluci\u00f3 de conflictes en l\u00ednia (ODR) disposada a veure <a href=\"http:\/\/ec.europa.eu\/consumers\/odr\/\" target=\"_new\" rel=\"noopener\">http:\/\/ec.europa.eu\/consumers\/odr\/<\/a>. Per a participar en un procediment de soluci\u00f3 de difer\u00e8ncies davant d&#8217;una junta arbitral de consum no estan obligats i sense voluntat.<\/p>\n<p>24 d&#8217;octubre de 2023<\/p>\n","protected":false},"excerpt":{"rendered":"<p>Pol\u00edtica de Privacitat Priort decoraci\u00f3 S.L., en endavant, &#8220;L&#8217;empresa&#8221; treballem per garantir la privacitat en el tractament de les seves dades personals. Hem actualitzat la nostra pol\u00edtica de privacitat per informar clarament de com recopilem, utilitzem i custodiem les dades de les persones que contacten amb el nostre Centre: Responsable del tractament l&#8217;interessat que faciliti [&hellip;]<\/p>\n","protected":false},"author":1,"featured_media":0,"parent":0,"menu_order":0,"comment_status":"closed","ping_status":"closed","template":"","meta":{"footnotes":""},"class_list":["post-1937","page","type-page","status-publish","hentry"],"yoast_head":"<!-- This site is optimized with the Yoast SEO plugin v27.5 - https:\/\/yoast.com\/product\/yoast-seo-wordpress\/ -->\n<title>Pol\u00edtica de Privacitat - Priort Decoraci\u00f3n<\/title>\n<meta name=\"robots\" content=\"index, follow, max-snippet:-1, max-image-preview:large, max-video-preview:-1\" \/>\n<link rel=\"canonical\" href=\"https:\/\/priort.com\/ca\/politica-de-privacitat\/\" \/>\n<meta property=\"og:locale\" content=\"ca_ES\" \/>\n<meta property=\"og:type\" content=\"article\" \/>\n<meta property=\"og:title\" content=\"Pol\u00edtica de Privacitat - Priort Decoraci\u00f3n\" \/>\n<meta property=\"og:description\" content=\"Pol\u00edtica de Privacitat Priort decoraci\u00f3 S.L., en endavant, &#8220;L&#8217;empresa&#8221; treballem per garantir la privacitat en el tractament de les seves dades personals. Hem actualitzat la nostra pol\u00edtica de privacitat per informar clarament de com recopilem, utilitzem i custodiem les dades de les persones que contacten amb el nostre Centre: Responsable del tractament l&#8217;interessat que faciliti [&hellip;]\" \/>\n<meta property=\"og:url\" content=\"https:\/\/priort.com\/ca\/politica-de-privacitat\/\" \/>\n<meta property=\"og:site_name\" content=\"Priort Decoraci\u00f3n\" \/>\n<meta property=\"article:modified_time\" content=\"2024-10-21T08:42:21+00:00\" \/>\n<meta name=\"twitter:card\" content=\"summary_large_image\" \/>\n<meta name=\"twitter:label1\" content=\"Temps estimat de lectura\" \/>\n\t<meta name=\"twitter:data1\" content=\"6 minuts\" \/>\n<script type=\"application\/ld+json\" class=\"yoast-schema-graph\">{\"@context\":\"https:\\\/\\\/schema.org\",\"@graph\":[{\"@type\":\"WebPage\",\"@id\":\"https:\\\/\\\/priort.com\\\/ca\\\/politica-de-privacitat\\\/\",\"url\":\"https:\\\/\\\/priort.com\\\/ca\\\/politica-de-privacitat\\\/\",\"name\":\"Pol\u00edtica de Privacitat - Priort Decoraci\u00f3n\",\"isPartOf\":{\"@id\":\"https:\\\/\\\/priort.com\\\/ca\\\/#website\"},\"datePublished\":\"2022-07-21T13:09:21+00:00\",\"dateModified\":\"2024-10-21T08:42:21+00:00\",\"breadcrumb\":{\"@id\":\"https:\\\/\\\/priort.com\\\/ca\\\/politica-de-privacitat\\\/#breadcrumb\"},\"inLanguage\":\"ca\",\"potentialAction\":[{\"@type\":\"ReadAction\",\"target\":[\"https:\\\/\\\/priort.com\\\/ca\\\/politica-de-privacitat\\\/\"]}]},{\"@type\":\"BreadcrumbList\",\"@id\":\"https:\\\/\\\/priort.com\\\/ca\\\/politica-de-privacitat\\\/#breadcrumb\",\"itemListElement\":[{\"@type\":\"ListItem\",\"position\":1,\"name\":\"Portada\",\"item\":\"https:\\\/\\\/priort.com\\\/ca\\\/home\\\/\"},{\"@type\":\"ListItem\",\"position\":2,\"name\":\"Pol\u00edtica de Privacitat\"}]},{\"@type\":\"WebSite\",\"@id\":\"https:\\\/\\\/priort.com\\\/ca\\\/#website\",\"url\":\"https:\\\/\\\/priort.com\\\/ca\\\/\",\"name\":\"Priort Decoraci\u00f3n\",\"description\":\"Just another WordPress site\",\"publisher\":{\"@id\":\"https:\\\/\\\/priort.com\\\/ca\\\/#organization\"},\"potentialAction\":[{\"@type\":\"SearchAction\",\"target\":{\"@type\":\"EntryPoint\",\"urlTemplate\":\"https:\\\/\\\/priort.com\\\/ca\\\/?s={search_term_string}\"},\"query-input\":{\"@type\":\"PropertyValueSpecification\",\"valueRequired\":true,\"valueName\":\"search_term_string\"}}],\"inLanguage\":\"ca\"},{\"@type\":\"Organization\",\"@id\":\"https:\\\/\\\/priort.com\\\/ca\\\/#organization\",\"name\":\"Priort Decoraci\u00f3n\",\"url\":\"https:\\\/\\\/priort.com\\\/ca\\\/\",\"logo\":{\"@type\":\"ImageObject\",\"inLanguage\":\"ca\",\"@id\":\"https:\\\/\\\/priort.com\\\/ca\\\/#\\\/schema\\\/logo\\\/image\\\/\",\"url\":\"https:\\\/\\\/priort.com\\\/wp-content\\\/uploads\\\/2022\\\/09\\\/priort_logo.jpg\",\"contentUrl\":\"https:\\\/\\\/priort.com\\\/wp-content\\\/uploads\\\/2022\\\/09\\\/priort_logo.jpg\",\"width\":802,\"height\":779,\"caption\":\"Priort Decoraci\u00f3n\"},\"image\":{\"@id\":\"https:\\\/\\\/priort.com\\\/ca\\\/#\\\/schema\\\/logo\\\/image\\\/\"}}]}<\/script>\n<!-- \/ Yoast SEO plugin. -->","yoast_head_json":{"title":"Pol\u00edtica de Privacitat - Priort Decoraci\u00f3n","robots":{"index":"index","follow":"follow","max-snippet":"max-snippet:-1","max-image-preview":"max-image-preview:large","max-video-preview":"max-video-preview:-1"},"canonical":"https:\/\/priort.com\/ca\/politica-de-privacitat\/","og_locale":"ca_ES","og_type":"article","og_title":"Pol\u00edtica de Privacitat - Priort Decoraci\u00f3n","og_description":"Pol\u00edtica de Privacitat Priort decoraci\u00f3 S.L., en endavant, &#8220;L&#8217;empresa&#8221; treballem per garantir la privacitat en el tractament de les seves dades personals. Hem actualitzat la nostra pol\u00edtica de privacitat per informar clarament de com recopilem, utilitzem i custodiem les dades de les persones que contacten amb el nostre Centre: Responsable del tractament l&#8217;interessat que faciliti [&hellip;]","og_url":"https:\/\/priort.com\/ca\/politica-de-privacitat\/","og_site_name":"Priort Decoraci\u00f3n","article_modified_time":"2024-10-21T08:42:21+00:00","twitter_card":"summary_large_image","twitter_misc":{"Temps estimat de lectura":"6 minuts"},"schema":{"@context":"https:\/\/schema.org","@graph":[{"@type":"WebPage","@id":"https:\/\/priort.com\/ca\/politica-de-privacitat\/","url":"https:\/\/priort.com\/ca\/politica-de-privacitat\/","name":"Pol\u00edtica de Privacitat - Priort Decoraci\u00f3n","isPartOf":{"@id":"https:\/\/priort.com\/ca\/#website"},"datePublished":"2022-07-21T13:09:21+00:00","dateModified":"2024-10-21T08:42:21+00:00","breadcrumb":{"@id":"https:\/\/priort.com\/ca\/politica-de-privacitat\/#breadcrumb"},"inLanguage":"ca","potentialAction":[{"@type":"ReadAction","target":["https:\/\/priort.com\/ca\/politica-de-privacitat\/"]}]},{"@type":"BreadcrumbList","@id":"https:\/\/priort.com\/ca\/politica-de-privacitat\/#breadcrumb","itemListElement":[{"@type":"ListItem","position":1,"name":"Portada","item":"https:\/\/priort.com\/ca\/home\/"},{"@type":"ListItem","position":2,"name":"Pol\u00edtica de Privacitat"}]},{"@type":"WebSite","@id":"https:\/\/priort.com\/ca\/#website","url":"https:\/\/priort.com\/ca\/","name":"Priort Decoraci\u00f3n","description":"Just another WordPress site","publisher":{"@id":"https:\/\/priort.com\/ca\/#organization"},"potentialAction":[{"@type":"SearchAction","target":{"@type":"EntryPoint","urlTemplate":"https:\/\/priort.com\/ca\/?s={search_term_string}"},"query-input":{"@type":"PropertyValueSpecification","valueRequired":true,"valueName":"search_term_string"}}],"inLanguage":"ca"},{"@type":"Organization","@id":"https:\/\/priort.com\/ca\/#organization","name":"Priort Decoraci\u00f3n","url":"https:\/\/priort.com\/ca\/","logo":{"@type":"ImageObject","inLanguage":"ca","@id":"https:\/\/priort.com\/ca\/#\/schema\/logo\/image\/","url":"https:\/\/priort.com\/wp-content\/uploads\/2022\/09\/priort_logo.jpg","contentUrl":"https:\/\/priort.com\/wp-content\/uploads\/2022\/09\/priort_logo.jpg","width":802,"height":779,"caption":"Priort Decoraci\u00f3n"},"image":{"@id":"https:\/\/priort.com\/ca\/#\/schema\/logo\/image\/"}}]}},"_links":{"self":[{"href":"https:\/\/priort.com\/ca\/wp-json\/wp\/v2\/pages\/1937","targetHints":{"allow":["GET"]}}],"collection":[{"href":"https:\/\/priort.com\/ca\/wp-json\/wp\/v2\/pages"}],"about":[{"href":"https:\/\/priort.com\/ca\/wp-json\/wp\/v2\/types\/page"}],"author":[{"embeddable":true,"href":"https:\/\/priort.com\/ca\/wp-json\/wp\/v2\/users\/1"}],"replies":[{"embeddable":true,"href":"https:\/\/priort.com\/ca\/wp-json\/wp\/v2\/comments?post=1937"}],"version-history":[{"count":0,"href":"https:\/\/priort.com\/ca\/wp-json\/wp\/v2\/pages\/1937\/revisions"}],"wp:attachment":[{"href":"https:\/\/priort.com\/ca\/wp-json\/wp\/v2\/media?parent=1937"}],"curies":[{"name":"wp","href":"https:\/\/api.w.org\/{rel}","templated":true}]}}