{"id":1694,"date":"2018-05-03T15:19:56","date_gmt":"2018-05-03T15:19:56","guid":{"rendered":"https:\/\/new.priort.com\/projectes\/"},"modified":"2023-03-15T10:54:12","modified_gmt":"2023-03-15T10:54:12","slug":"projectes","status":"publish","type":"page","link":"https:\/\/priort.com\/ca\/projectes\/","title":{"rendered":"Projectes"},"content":{"rendered":"\n<style type=\"text\/css\" data-created_by=\"avia_inline_auto\" id=\"style-css-av-145nae-422b92133260aceb215806ff47200241\">\n.avia-section.av-145nae-422b92133260aceb215806ff47200241{\nbackground-repeat:no-repeat;\nbackground-image:url(https:\/\/priort.com\/wp-content\/uploads\/2023\/03\/Priort-AB-Boutique-Hotel-124-1500x630.jpg);\nbackground-position:50% 100%;\nbackground-attachment:scroll;\n}\n.avia-section.av-145nae-422b92133260aceb215806ff47200241 .av-section-color-overlay{\nopacity:0.4;\nbackground-color:#000000;\n}\n<\/style>\n<div id='av_section_1'  class='avia-section av-145nae-422b92133260aceb215806ff47200241 main_color avia-section-default avia-no-border-styling  avia-builder-el-0  el_before_av_section  avia-builder-el-first  avia-full-stretch avia-bg-style-scroll av-section-color-overlay-active av-minimum-height av-minimum-height-custom av-height-custom  container_wrap fullsize'  data-section-bg-repeat='stretch' data-av_minimum_height_px='230'><div class=\"av-section-color-overlay-wrap\"><div class=\"av-section-color-overlay\"><\/div><div class='container av-section-cont-open' style='height:230px'><main  role=\"main\" itemprop=\"mainContentOfPage\"  class='template-page content  av-content-full alpha units'><div class='post-entry post-entry-type-page post-entry-1694'><div class='entry-content-wrapper clearfix'>\n\n<style type=\"text\/css\" data-created_by=\"avia_inline_auto\" id=\"style-css-av-jgf3pjem-ee2a691ebc0a9a100bc99d372a9c72ca\">\n#top .flex_column.av-jgf3pjem-ee2a691ebc0a9a100bc99d372a9c72ca{\nmargin-top:0px;\nmargin-bottom:0px;\n}\n.flex_column.av-jgf3pjem-ee2a691ebc0a9a100bc99d372a9c72ca{\nborder-radius:0px 0px 0px 0px;\npadding:0px 0px 0px 0px;\n}\n.responsive #top #wrap_all .flex_column.av-jgf3pjem-ee2a691ebc0a9a100bc99d372a9c72ca{\nmargin-top:0px;\nmargin-bottom:0px;\n}\n<\/style>\n<div  class='flex_column av-jgf3pjem-ee2a691ebc0a9a100bc99d372a9c72ca av_one_full  avia-builder-el-1  avia-builder-el-no-sibling  first flex_column_div av-animated-generic left-to-right av-zero-column-padding  '     ><style type=\"text\/css\" data-created_by=\"avia_inline_auto\" id=\"style-css-av-jgs0mnr3-a040a1039ac971408f310c30fed7b23a\">\n#top .av-special-heading.av-jgs0mnr3-a040a1039ac971408f310c30fed7b23a{\nmargin:0 0 0 0;\npadding-bottom:0;\ncolor:#ffffff;\nfont-size:4vw;\n}\nbody .av-special-heading.av-jgs0mnr3-a040a1039ac971408f310c30fed7b23a .av-special-heading-tag .heading-char{\nfont-size:25px;\n}\n#top #wrap_all .av-special-heading.av-jgs0mnr3-a040a1039ac971408f310c30fed7b23a .av-special-heading-tag{\nfont-size:4vw;\n}\n.av-special-heading.av-jgs0mnr3-a040a1039ac971408f310c30fed7b23a .special-heading-inner-border{\nborder-color:#ffffff;\n}\n.av-special-heading.av-jgs0mnr3-a040a1039ac971408f310c30fed7b23a .av-subheading{\nfont-size:25px;\n}\n\n@media only screen and (min-width: 480px) and (max-width: 767px){ \n#top #wrap_all .av-special-heading.av-jgs0mnr3-a040a1039ac971408f310c30fed7b23a .av-special-heading-tag{\nfont-size:0.8em;\n}\n}\n\n@media only screen and (max-width: 479px){ \n#top #wrap_all .av-special-heading.av-jgs0mnr3-a040a1039ac971408f310c30fed7b23a .av-special-heading-tag{\nfont-size:0.8em;\n}\n}\n<\/style>\n<div  class='av-special-heading av-jgs0mnr3-a040a1039ac971408f310c30fed7b23a av-special-heading-h2 custom-color-heading blockquote modern-quote modern-centered  avia-builder-el-2  avia-builder-el-no-sibling  av-inherit-size'><h2 class='av-special-heading-tag '  itemprop=\"headline\"  >Projectes<\/h2><div class=\"special-heading-border\"><div class=\"special-heading-inner-border\"><\/div><\/div><\/div><\/div>\n\n<\/div><\/div><\/main><!-- close content main element --><\/div><\/div><\/div><div id='av_section_2'  class='avia-section av-qet8u-83147d0d40d9d249d4aacaaedd222aa0 main_color avia-section-huge avia-no-border-styling  avia-builder-el-3  el_after_av_section  avia-builder-el-last  avia-bg-style-scroll container_wrap fullsize'  ><div class='container av-section-cont-open' ><div class='template-page content  av-content-full alpha units'><div class='post-entry post-entry-type-page post-entry-1694'><div class='entry-content-wrapper clearfix'>\n\n<style type=\"text\/css\" data-created_by=\"avia_inline_auto\" id=\"style-css-av-9wkhy-5a7b8f1de5feaad957d748638c881472\">\n#top .flex_column.av-9wkhy-5a7b8f1de5feaad957d748638c881472{\nmargin-top:0px;\nmargin-bottom:0px;\n}\n.flex_column.av-9wkhy-5a7b8f1de5feaad957d748638c881472{\nborder-radius:3px 3px 3px 3px;\npadding:0px 0px 0px 0px;\n}\n.responsive #top #wrap_all .flex_column.av-9wkhy-5a7b8f1de5feaad957d748638c881472{\nmargin-top:0px;\nmargin-bottom:0px;\n}\n<\/style>\n<div  class='flex_column av-9wkhy-5a7b8f1de5feaad957d748638c881472 av_one_half  avia-builder-el-4  el_before_av_one_half  avia-builder-el-first  first flex_column_div av-animated-generic left-to-right av-zero-column-padding  '     ><section  class='av_textblock_section av-jgds8wgh-a6323f80cb468d66922d25d94e6b0ed1 '   itemscope=\"itemscope\" itemtype=\"https:\/\/schema.org\/CreativeWork\" ><div class='avia_textblock'  itemprop=\"text\" ><p>La nostra experi\u00e8ncia ofereix als nostres clients solucions per a cada espai, teixits ign\u00edfugs i cortines opaques per a una habitaci\u00f3 d&#8217;hotel, teixits ac\u00fastics per a teatres o sales de reunions, teixits t\u00e8cnics per matisar l&#8217;entrada de llum per a oficines o col\u00b7legis, teixits antitaques per a coixins i matalassos en restaurants, teixits impermeables per a piscines i spas, tovalloles i empacadors per a resid\u00e8ncies i hospitals.<\/p>\n<\/div><\/section><\/div>\n<style type=\"text\/css\" data-created_by=\"avia_inline_auto\" id=\"style-css-av-9wkhy-55-7762e540349080691b8192257454a461\">\n#top .flex_column.av-9wkhy-55-7762e540349080691b8192257454a461{\nmargin-top:0px;\nmargin-bottom:0px;\n}\n.flex_column.av-9wkhy-55-7762e540349080691b8192257454a461{\nborder-radius:3px 3px 3px 3px;\npadding:0px 0px 0px 0px;\n}\n.responsive #top #wrap_all .flex_column.av-9wkhy-55-7762e540349080691b8192257454a461{\nmargin-top:0px;\nmargin-bottom:0px;\n}\n<\/style>\n<div  class='flex_column av-9wkhy-55-7762e540349080691b8192257454a461 av_one_half  avia-builder-el-6  el_after_av_one_half  el_before_av_one_full  flex_column_div av-animated-generic left-to-right av-zero-column-padding  '     ><section  class='av_textblock_section av-jgds8wgh-54-5f593ca306e6457d2c9724bf310ebd4b '   itemscope=\"itemscope\" itemtype=\"https:\/\/schema.org\/CreativeWork\" ><div class='avia_textblock'  itemprop=\"text\" ><p>A m\u00e9s d&#8217;un gran estoc de llen\u00e7os coixins i fundes n\u00f2rdiques per a qualsevol llit.<\/p>\n<p>Personalitzem tots els nostres productes. Confeccionem i instal\u00b7lem tots els nostres productes, oferim un contacte directe i facilita als nostres clients com a decoradors arquitectes botigues o empreses un millor acabat.<\/p>\n<\/div><\/section><\/div><div  class='flex_column av-7tiw8-aba4be24bb383e7c5c02f00f83bc4a52 av_one_full  avia-builder-el-8  el_after_av_one_half  avia-builder-el-last  first flex_column_div  column-top-margin'     ><div  id=\"av-sc-portfolio-1\"  class=\"av-portfolio-grid-sorting-container\"><div class='sort_width_container  av-sort-yes' data-portfolio-id='1' ><div id='js_sort_items' ><div class='sort_by_cat hidden'><a href=\"#\" data-filter=\"all_sort\" class=\"all_sort_button active_sort\"><span class=\"inner_sort_button\"><span>All<\/span><small class=\"av-cat-count\"> 9 <\/small><\/span><\/a><span class=\"text-sep professionals_sort_sep\">\/<\/span><a href=\"#\" data-filter=\"professionals_sort\" class=\"professionals_sort_button\" ><span class=\"inner_sort_button\"><span>Professionals<\/span><small class=\"av-cat-count\"> 9 <\/small><\/span><\/a><\/div><\/div><\/div><div  class=' grid-sort-container isotope   no_margin-container with-title-container grid-total-odd grid-col-4 grid-links-' data-portfolio-id='1'><div data-ajax-id='1722' class=' grid-entry flex_column isotope-item all_sort no_margin post-entry post-entry-1722 grid-entry-overview grid-loop-1 grid-parity-odd  professionals_sort  av_one_fourth first default_av_fullwidth '><article class='main_color inner-entry'  itemscope=\"itemscope\" itemtype=\"https:\/\/schema.org\/CreativeWork\" ><a href=\"https:\/\/priort.com\/ca\/portfolio-item\/fabricacio-d-enrotllables-per-a-l-hotel-dynamics-a-caldes-d-estrach\/\" title='Fabricaci\u00f3 d&#8217; enrotllables per a l&#8217; Hotel Dynamics a Caldes d&#8217; Estrach'  data-rel='grid-1' class='grid-image avia-hover-fx'> <img decoding=\"async\" fetchpriority=\"high\" width=\"260\" height=\"185\" src=\"https:\/\/priort.com\/wp-content\/uploads\/2022\/09\/1-4-260x185.jpg\" class=\"wp-image-1555 avia-img-lazy-loading-not-1555 attachment-portfolio_small size-portfolio_small wp-post-image\" alt=\"\" \/><\/a><div class='grid-content'><div class='avia-arrow'><\/div><header class=\"entry-content-header\"><h3 class='grid-entry-title entry-title '  itemprop=\"headline\" ><a href='https:\/\/priort.com\/ca\/portfolio-item\/fabricacio-d-enrotllables-per-a-l-hotel-dynamics-a-caldes-d-estrach\/' title='Fabricaci\u00f3 d&#8217; enrotllables per a l&#8217; Hotel Dynamics a Caldes d&#8217; Estrach'>Fabricaci\u00f3 d&#8217; enrotllables per a l&#8217; Hotel Dynamics a Caldes d&#8217; Estrach<\/a><\/h3><\/header><\/div><footer class=\"entry-footer\"><\/footer><\/article><\/div><div data-ajax-id='1725' class=' grid-entry flex_column isotope-item all_sort no_margin post-entry post-entry-1725 grid-entry-overview grid-loop-2 grid-parity-even  professionals_sort  av_one_fourth  default_av_fullwidth '><article class='main_color inner-entry'  itemscope=\"itemscope\" itemtype=\"https:\/\/schema.org\/CreativeWork\" ><a href=\"https:\/\/priort.com\/ca\/portfolio-item\/visells-i-paquettos-residencia-ca-n-amell\/\" title='Visells i Paquettos Resid\u00e8ncia Ca n \u0301Amell'  data-rel='grid-1' class='grid-image avia-hover-fx'> <img decoding=\"async\" fetchpriority=\"high\" width=\"260\" height=\"185\" src=\"https:\/\/priort.com\/wp-content\/uploads\/2022\/09\/1-3-260x185.jpg\" class=\"wp-image-1545 avia-img-lazy-loading-not-1545 attachment-portfolio_small size-portfolio_small wp-post-image\" alt=\"\" \/><\/a><div class='grid-content'><div class='avia-arrow'><\/div><header class=\"entry-content-header\"><h3 class='grid-entry-title entry-title '  itemprop=\"headline\" ><a href='https:\/\/priort.com\/ca\/portfolio-item\/visells-i-paquettos-residencia-ca-n-amell\/' title='Visells i Paquettos Resid\u00e8ncia Ca n \u0301Amell'>Visells i Paquettos Resid\u00e8ncia Ca n \u0301Amell<\/a><\/h3><\/header><\/div><footer class=\"entry-footer\"><\/footer><\/article><\/div><div data-ajax-id='1740' class=' grid-entry flex_column isotope-item all_sort no_margin post-entry post-entry-1740 grid-entry-overview grid-loop-3 grid-parity-odd  professionals_sort  av_one_fourth  default_av_fullwidth '><article class='main_color inner-entry'  itemscope=\"itemscope\" itemtype=\"https:\/\/schema.org\/CreativeWork\" ><a href=\"https:\/\/priort.com\/ca\/portfolio-item\/projecte-toldos-farmacia-colldeforn\/\" title='Projecte Toldos Farm\u00e0cia Colldeforn'  data-rel='grid-1' class='grid-image avia-hover-fx'> <img decoding=\"async\" fetchpriority=\"high\" width=\"260\" height=\"185\" src=\"https:\/\/priort.com\/wp-content\/uploads\/2022\/09\/IMG_2005-260x185.jpg\" class=\"wp-image-1515 avia-img-lazy-loading-not-1515 attachment-portfolio_small size-portfolio_small wp-post-image\" alt=\"\" \/><\/a><div class='grid-content'><div class='avia-arrow'><\/div><header class=\"entry-content-header\"><h3 class='grid-entry-title entry-title '  itemprop=\"headline\" ><a href='https:\/\/priort.com\/ca\/portfolio-item\/projecte-toldos-farmacia-colldeforn\/' title='Projecte Toldos Farm\u00e0cia Colldeforn'>Projecte Toldos Farm\u00e0cia Colldeforn<\/a><\/h3><\/header><\/div><footer class=\"entry-footer\"><\/footer><\/article><\/div><div data-ajax-id='1743' class=' grid-entry flex_column isotope-item all_sort no_margin post-entry post-entry-1743 grid-entry-overview grid-loop-4 grid-parity-even  professionals_sort  av_one_fourth  default_av_fullwidth '><article class='main_color inner-entry'  itemscope=\"itemscope\" itemtype=\"https:\/\/schema.org\/CreativeWork\" ><a href=\"https:\/\/priort.com\/ca\/portfolio-item\/projecte-universitat-privada-de-barcelona\/\" title='Projecte Universitat Privada de Barcelona'  data-rel='grid-1' class='grid-image avia-hover-fx'> <img decoding=\"async\" fetchpriority=\"high\" width=\"260\" height=\"185\" src=\"https:\/\/priort.com\/wp-content\/uploads\/2022\/10\/IMG_0877-260x185.jpg\" class=\"wp-image-1575 avia-img-lazy-loading-not-1575 attachment-portfolio_small size-portfolio_small wp-post-image\" alt=\"\" \/><\/a><div class='grid-content'><div class='avia-arrow'><\/div><header class=\"entry-content-header\"><h3 class='grid-entry-title entry-title '  itemprop=\"headline\" ><a href='https:\/\/priort.com\/ca\/portfolio-item\/projecte-universitat-privada-de-barcelona\/' title='Projecte Universitat Privada de Barcelona'>Projecte Universitat Privada de Barcelona<\/a><\/h3><\/header><\/div><footer class=\"entry-footer\"><\/footer><\/article><\/div><div data-ajax-id='1749' class=' grid-entry flex_column isotope-item all_sort no_margin post-entry post-entry-1749 grid-entry-overview grid-loop-5 grid-parity-odd  professionals_sort  av_one_fourth first default_av_fullwidth '><article class='main_color inner-entry'  itemscope=\"itemscope\" itemtype=\"https:\/\/schema.org\/CreativeWork\" ><a href=\"https:\/\/priort.com\/ca\/portfolio-item\/venecianes-fusta-al-far-den-roc-premia\/\" title='Venecianes fusta al Far d&#8217;en Roc, Premia'  data-rel='grid-1' class='grid-image avia-hover-fx'> <img decoding=\"async\" fetchpriority=\"high\" width=\"260\" height=\"185\" src=\"https:\/\/priort.com\/wp-content\/uploads\/2022\/09\/1347549496541.P1040257.JPG-260x185.jpg\" class=\"wp-image-1523 avia-img-lazy-loading-not-1523 attachment-portfolio_small size-portfolio_small wp-post-image\" alt=\"\" \/><\/a><div class='grid-content'><div class='avia-arrow'><\/div><header class=\"entry-content-header\"><h3 class='grid-entry-title entry-title '  itemprop=\"headline\" ><a href='https:\/\/priort.com\/ca\/portfolio-item\/venecianes-fusta-al-far-den-roc-premia\/' title='Venecianes fusta al Far d&#8217;en Roc, Premia'>Venecianes fusta al Far d&#8217;en Roc, Premia<\/a><\/h3><\/header><\/div><footer class=\"entry-footer\"><\/footer><\/article><\/div><div data-ajax-id='1752' class=' grid-entry flex_column isotope-item all_sort no_margin post-entry post-entry-1752 grid-entry-overview grid-loop-6 grid-parity-even  professionals_sort  av_one_fourth  default_av_fullwidth '><article class='main_color inner-entry'  itemscope=\"itemscope\" itemtype=\"https:\/\/schema.org\/CreativeWork\" ><a href=\"https:\/\/priort.com\/ca\/portfolio-item\/projecte-hotel-calella\/\" title='Projecte Hotel Calella'  data-rel='grid-1' class='grid-image avia-hover-fx'> <img decoding=\"async\" fetchpriority=\"high\" width=\"260\" height=\"185\" src=\"https:\/\/priort.com\/wp-content\/uploads\/2022\/09\/2-260x185.jpg\" class=\"wp-image-1507 avia-img-lazy-loading-not-1507 attachment-portfolio_small size-portfolio_small wp-post-image\" alt=\"\" \/><\/a><div class='grid-content'><div class='avia-arrow'><\/div><header class=\"entry-content-header\"><h3 class='grid-entry-title entry-title '  itemprop=\"headline\" ><a href='https:\/\/priort.com\/ca\/portfolio-item\/projecte-hotel-calella\/' title='Projecte Hotel Calella'>Projecte Hotel Calella<\/a><\/h3><\/header><\/div><footer class=\"entry-footer\"><\/footer><\/article><\/div><div data-ajax-id='1758' class=' grid-entry flex_column isotope-item all_sort no_margin post-entry post-entry-1758 grid-entry-overview grid-loop-7 grid-parity-odd  professionals_sort  av_one_fourth  default_av_fullwidth '><article class='main_color inner-entry'  itemscope=\"itemscope\" itemtype=\"https:\/\/schema.org\/CreativeWork\" ><a href=\"https:\/\/priort.com\/ca\/portfolio-item\/projecte-hotel-balneari-vichy-catalan\/\" title='Projecte Hotel Balneari Vichy Catalan'  data-rel='grid-1' class='grid-image avia-hover-fx'> <img decoding=\"async\" fetchpriority=\"high\" width=\"260\" height=\"185\" src=\"https:\/\/priort.com\/wp-content\/uploads\/2022\/09\/3629b3e2-1d6f-426b-a379-c0f87eccc791-260x185.jpg\" class=\"wp-image-1500 avia-img-lazy-loading-not-1500 attachment-portfolio_small size-portfolio_small wp-post-image\" alt=\"\" \/><\/a><div class='grid-content'><div class='avia-arrow'><\/div><header class=\"entry-content-header\"><h3 class='grid-entry-title entry-title '  itemprop=\"headline\" ><a href='https:\/\/priort.com\/ca\/portfolio-item\/projecte-hotel-balneari-vichy-catalan\/' title='Projecte Hotel Balneari Vichy Catalan'>Projecte Hotel Balneari Vichy Catalan<\/a><\/h3><\/header><\/div><footer class=\"entry-footer\"><\/footer><\/article><\/div><div data-ajax-id='1761' class=' grid-entry flex_column isotope-item all_sort no_margin post-entry post-entry-1761 grid-entry-overview grid-loop-8 grid-parity-even  professionals_sort  av_one_fourth  default_av_fullwidth '><article class='main_color inner-entry'  itemscope=\"itemscope\" itemtype=\"https:\/\/schema.org\/CreativeWork\" ><a href=\"https:\/\/priort.com\/ca\/portfolio-item\/projecte-cabanes-dosrius\/\" title='Projecte Cabanes Dosrius'  data-rel='grid-1' class='grid-image avia-hover-fx'> <img decoding=\"async\" fetchpriority=\"high\" width=\"260\" height=\"185\" src=\"https:\/\/priort.com\/wp-content\/uploads\/2022\/09\/1390906841854.DSC_0234.JPG-260x185.jpg\" class=\"wp-image-1486 avia-img-lazy-loading-not-1486 attachment-portfolio_small size-portfolio_small wp-post-image\" alt=\"\" \/><\/a><div class='grid-content'><div class='avia-arrow'><\/div><header class=\"entry-content-header\"><h3 class='grid-entry-title entry-title '  itemprop=\"headline\" ><a href='https:\/\/priort.com\/ca\/portfolio-item\/projecte-cabanes-dosrius\/' title='Projecte Cabanes Dosrius'>Projecte Cabanes Dosrius<\/a><\/h3><\/header><\/div><footer class=\"entry-footer\"><\/footer><\/article><\/div><div data-ajax-id='1764' class=' grid-entry flex_column isotope-item all_sort no_margin post-entry post-entry-1764 grid-entry-overview grid-loop-9 grid-parity-odd  post-entry-last  professionals_sort  av_one_fourth first default_av_fullwidth '><article class='main_color inner-entry'  itemscope=\"itemscope\" itemtype=\"https:\/\/schema.org\/CreativeWork\" ><a href=\"https:\/\/priort.com\/ca\/portfolio-item\/projecte-hotel-hilton\/\" title='Projecte Hotel Hilton'  data-rel='grid-1' class='grid-image avia-hover-fx'> <img decoding=\"async\" fetchpriority=\"high\" width=\"260\" height=\"185\" src=\"https:\/\/priort.com\/wp-content\/uploads\/2022\/09\/PHOTO-2022-05-23-17-15-371-260x185.jpg\" class=\"wp-image-1482 avia-img-lazy-loading-not-1482 attachment-portfolio_small size-portfolio_small wp-post-image\" alt=\"\" \/><\/a><div class='grid-content'><div class='avia-arrow'><\/div><header class=\"entry-content-header\"><h3 class='grid-entry-title entry-title '  itemprop=\"headline\" ><a href='https:\/\/priort.com\/ca\/portfolio-item\/projecte-hotel-hilton\/' title='Projecte Hotel Hilton'>Projecte Hotel Hilton<\/a><\/h3><\/header><\/div><footer class=\"entry-footer\"><\/footer><\/article><\/div><\/div><\/div>   <!--   class=\"av-portfolio-grid-sorting-container\"  --><\/div>\n\n","protected":false},"excerpt":{"rendered":"","protected":false},"author":1,"featured_media":0,"parent":0,"menu_order":0,"comment_status":"closed","ping_status":"closed","template":"","meta":{"footnotes":""},"class_list":["post-1694","page","type-page","status-publish","hentry"],"yoast_head":"<!-- This site is optimized with the Yoast SEO plugin v27.5 - https:\/\/yoast.com\/product\/yoast-seo-wordpress\/ -->\n<title>Projectes - Priort Decoraci\u00f3n<\/title>\n<meta name=\"description\" content=\"Oferim als nostres clients assessoria personalitzada per a cada espai, ja siguin per a habitacions d&#039;hotel, oficines o col\u00b7legis.\" \/>\n<meta name=\"robots\" content=\"index, follow, max-snippet:-1, max-image-preview:large, max-video-preview:-1\" \/>\n<link rel=\"canonical\" href=\"https:\/\/priort.com\/ca\/projectes\/\" \/>\n<meta property=\"og:locale\" content=\"ca_ES\" \/>\n<meta property=\"og:type\" content=\"article\" \/>\n<meta property=\"og:title\" content=\"Projectes - Priort Decoraci\u00f3n\" \/>\n<meta property=\"og:description\" content=\"Oferim als nostres clients assessoria personalitzada per a cada espai, ja siguin per a habitacions d&#039;hotel, oficines o col\u00b7legis.\" \/>\n<meta property=\"og:url\" content=\"https:\/\/priort.com\/ca\/projectes\/\" \/>\n<meta property=\"og:site_name\" content=\"Priort Decoraci\u00f3n\" \/>\n<meta property=\"article:modified_time\" content=\"2023-03-15T10:54:12+00:00\" \/>\n<meta name=\"twitter:card\" content=\"summary_large_image\" \/>\n<meta name=\"twitter:label1\" content=\"Temps estimat de lectura\" \/>\n\t<meta name=\"twitter:data1\" content=\"3 minuts\" \/>\n<script type=\"application\/ld+json\" class=\"yoast-schema-graph\">{\"@context\":\"https:\\\/\\\/schema.org\",\"@graph\":[{\"@type\":\"WebPage\",\"@id\":\"https:\\\/\\\/priort.com\\\/ca\\\/projectes\\\/\",\"url\":\"https:\\\/\\\/priort.com\\\/ca\\\/projectes\\\/\",\"name\":\"Projectes - Priort Decoraci\u00f3n\",\"isPartOf\":{\"@id\":\"https:\\\/\\\/priort.com\\\/ca\\\/#website\"},\"datePublished\":\"2018-05-03T15:19:56+00:00\",\"dateModified\":\"2023-03-15T10:54:12+00:00\",\"description\":\"Oferim als nostres clients assessoria personalitzada per a cada espai, ja siguin per a habitacions d'hotel, oficines o col\u00b7legis.\",\"breadcrumb\":{\"@id\":\"https:\\\/\\\/priort.com\\\/ca\\\/projectes\\\/#breadcrumb\"},\"inLanguage\":\"ca\",\"potentialAction\":[{\"@type\":\"ReadAction\",\"target\":[\"https:\\\/\\\/priort.com\\\/ca\\\/projectes\\\/\"]}]},{\"@type\":\"BreadcrumbList\",\"@id\":\"https:\\\/\\\/priort.com\\\/ca\\\/projectes\\\/#breadcrumb\",\"itemListElement\":[{\"@type\":\"ListItem\",\"position\":1,\"name\":\"Portada\",\"item\":\"https:\\\/\\\/priort.com\\\/ca\\\/home\\\/\"},{\"@type\":\"ListItem\",\"position\":2,\"name\":\"Projectes\"}]},{\"@type\":\"WebSite\",\"@id\":\"https:\\\/\\\/priort.com\\\/ca\\\/#website\",\"url\":\"https:\\\/\\\/priort.com\\\/ca\\\/\",\"name\":\"Priort Decoraci\u00f3n\",\"description\":\"Just another WordPress site\",\"publisher\":{\"@id\":\"https:\\\/\\\/priort.com\\\/ca\\\/#organization\"},\"potentialAction\":[{\"@type\":\"SearchAction\",\"target\":{\"@type\":\"EntryPoint\",\"urlTemplate\":\"https:\\\/\\\/priort.com\\\/ca\\\/?s={search_term_string}\"},\"query-input\":{\"@type\":\"PropertyValueSpecification\",\"valueRequired\":true,\"valueName\":\"search_term_string\"}}],\"inLanguage\":\"ca\"},{\"@type\":\"Organization\",\"@id\":\"https:\\\/\\\/priort.com\\\/ca\\\/#organization\",\"name\":\"Priort Decoraci\u00f3n\",\"url\":\"https:\\\/\\\/priort.com\\\/ca\\\/\",\"logo\":{\"@type\":\"ImageObject\",\"inLanguage\":\"ca\",\"@id\":\"https:\\\/\\\/priort.com\\\/ca\\\/#\\\/schema\\\/logo\\\/image\\\/\",\"url\":\"https:\\\/\\\/priort.com\\\/wp-content\\\/uploads\\\/2022\\\/09\\\/priort_logo.jpg\",\"contentUrl\":\"https:\\\/\\\/priort.com\\\/wp-content\\\/uploads\\\/2022\\\/09\\\/priort_logo.jpg\",\"width\":802,\"height\":779,\"caption\":\"Priort Decoraci\u00f3n\"},\"image\":{\"@id\":\"https:\\\/\\\/priort.com\\\/ca\\\/#\\\/schema\\\/logo\\\/image\\\/\"}}]}<\/script>\n<!-- \/ Yoast SEO plugin. -->","yoast_head_json":{"title":"Projectes - Priort Decoraci\u00f3n","description":"Oferim als nostres clients assessoria personalitzada per a cada espai, ja siguin per a habitacions d'hotel, oficines o col\u00b7legis.","robots":{"index":"index","follow":"follow","max-snippet":"max-snippet:-1","max-image-preview":"max-image-preview:large","max-video-preview":"max-video-preview:-1"},"canonical":"https:\/\/priort.com\/ca\/projectes\/","og_locale":"ca_ES","og_type":"article","og_title":"Projectes - Priort Decoraci\u00f3n","og_description":"Oferim als nostres clients assessoria personalitzada per a cada espai, ja siguin per a habitacions d'hotel, oficines o col\u00b7legis.","og_url":"https:\/\/priort.com\/ca\/projectes\/","og_site_name":"Priort Decoraci\u00f3n","article_modified_time":"2023-03-15T10:54:12+00:00","twitter_card":"summary_large_image","twitter_misc":{"Temps estimat de lectura":"3 minuts"},"schema":{"@context":"https:\/\/schema.org","@graph":[{"@type":"WebPage","@id":"https:\/\/priort.com\/ca\/projectes\/","url":"https:\/\/priort.com\/ca\/projectes\/","name":"Projectes - Priort Decoraci\u00f3n","isPartOf":{"@id":"https:\/\/priort.com\/ca\/#website"},"datePublished":"2018-05-03T15:19:56+00:00","dateModified":"2023-03-15T10:54:12+00:00","description":"Oferim als nostres clients assessoria personalitzada per a cada espai, ja siguin per a habitacions d'hotel, oficines o col\u00b7legis.","breadcrumb":{"@id":"https:\/\/priort.com\/ca\/projectes\/#breadcrumb"},"inLanguage":"ca","potentialAction":[{"@type":"ReadAction","target":["https:\/\/priort.com\/ca\/projectes\/"]}]},{"@type":"BreadcrumbList","@id":"https:\/\/priort.com\/ca\/projectes\/#breadcrumb","itemListElement":[{"@type":"ListItem","position":1,"name":"Portada","item":"https:\/\/priort.com\/ca\/home\/"},{"@type":"ListItem","position":2,"name":"Projectes"}]},{"@type":"WebSite","@id":"https:\/\/priort.com\/ca\/#website","url":"https:\/\/priort.com\/ca\/","name":"Priort Decoraci\u00f3n","description":"Just another WordPress site","publisher":{"@id":"https:\/\/priort.com\/ca\/#organization"},"potentialAction":[{"@type":"SearchAction","target":{"@type":"EntryPoint","urlTemplate":"https:\/\/priort.com\/ca\/?s={search_term_string}"},"query-input":{"@type":"PropertyValueSpecification","valueRequired":true,"valueName":"search_term_string"}}],"inLanguage":"ca"},{"@type":"Organization","@id":"https:\/\/priort.com\/ca\/#organization","name":"Priort Decoraci\u00f3n","url":"https:\/\/priort.com\/ca\/","logo":{"@type":"ImageObject","inLanguage":"ca","@id":"https:\/\/priort.com\/ca\/#\/schema\/logo\/image\/","url":"https:\/\/priort.com\/wp-content\/uploads\/2022\/09\/priort_logo.jpg","contentUrl":"https:\/\/priort.com\/wp-content\/uploads\/2022\/09\/priort_logo.jpg","width":802,"height":779,"caption":"Priort Decoraci\u00f3n"},"image":{"@id":"https:\/\/priort.com\/ca\/#\/schema\/logo\/image\/"}}]}},"_links":{"self":[{"href":"https:\/\/priort.com\/ca\/wp-json\/wp\/v2\/pages\/1694","targetHints":{"allow":["GET"]}}],"collection":[{"href":"https:\/\/priort.com\/ca\/wp-json\/wp\/v2\/pages"}],"about":[{"href":"https:\/\/priort.com\/ca\/wp-json\/wp\/v2\/types\/page"}],"author":[{"embeddable":true,"href":"https:\/\/priort.com\/ca\/wp-json\/wp\/v2\/users\/1"}],"replies":[{"embeddable":true,"href":"https:\/\/priort.com\/ca\/wp-json\/wp\/v2\/comments?post=1694"}],"version-history":[{"count":0,"href":"https:\/\/priort.com\/ca\/wp-json\/wp\/v2\/pages\/1694\/revisions"}],"wp:attachment":[{"href":"https:\/\/priort.com\/ca\/wp-json\/wp\/v2\/media?parent=1694"}],"curies":[{"name":"wp","href":"https:\/\/api.w.org\/{rel}","templated":true}]}}